{"id":3451,"date":"2022-11-23T10:41:20","date_gmt":"2022-11-23T08:41:20","guid":{"rendered":"https:\/\/www.seviclimb.cat\/politica-de-privadesa-rgpd\/"},"modified":"2025-10-27T14:26:11","modified_gmt":"2025-10-27T12:26:11","slug":"politica-de-privadesa-rgpd","status":"publish","type":"page","link":"https:\/\/www.seviclimb.cat\/es\/politica-de-privadesa-rgpd\/","title":{"rendered":"Pol\u00edtica de Privadesa (RGPD)"},"content":{"rendered":"<p>[vc_row css_animation=\u00bb\u00bb row_type=\u00bbrow\u00bb use_row_as_full_screen_section=\u00bbno\u00bb type=\u00bbfull_width\u00bb angled_section=\u00bbno\u00bb text_align=\u00bbleft\u00bb background_image_as_pattern=\u00bbwithout_pattern\u00bb][vc_column][vc_column_text]<\/p>\n<h1 style=\"text-align: center;\">Pol\u00edtica de Privacidad (RGPD)<\/h1>\n<p><strong>Responsable<\/strong> <strong>Tractament:<\/strong> SEVIMA SOLDADORS, S.L. (SEVICLIMB) &#8211; B64711617, amb domicili a\u00a0 C\/ Barcelona, 37.\u00a0 08670 Nav\u00e0s. Tel\u00e8fon 669584345 i mail: <u>seviclimb@seviclimb.cat<\/u><\/p>\n<p><u>FINALITAT<\/u><\/p>\n<p>La finalitat de la creaci\u00f3, exist\u00e8ncia i manteniment \u00e9s el tractament de les dades amb exclusius fins de de poder fer efectiu el nostre servei , i realitzar la facturaci\u00f3 del mateix.<\/p>\n<p>&nbsp;<\/p>\n<p><u>LEGITIMACI\u00d3<\/u><\/p>\n<p>La base legal per al tractament de les seves dades \u00e9s l&#8217;execuci\u00f3 de la prestaci\u00f3 del servei entre el titular de la dada i el responsable del tractament i la informaci\u00f3 personal es conservar\u00e0 mentre es mantingui la prestaci\u00f3 del mateix o durant el temps estrictament necessari per complir amb les obligacions legals.<\/p>\n<p><u>COMUNICACIONS\u00a0 COMERCIALS<\/u><\/p>\n<p>Aix\u00ed mateix, i en base al seu consentiment atorgat de manera afirmativa i expressa, ens permet poder enviar-li informaci\u00f3 comercial sobre els nostres serveis i novetats a trav\u00e9s de correu electr\u00f2nic. Aquest consentiment podr\u00e0 ser revocat en qualsevol moment a trav\u00e9s del nostre correu electr\u00f2nic <u>seviclimb@seviclimb.cat<\/u><\/p>\n<p>&nbsp;<\/p>\n<p><u>PER\u00cdODE DE CONSERVACI\u00d3<\/u><\/p>\n<p>Les dades proporcionades es conservaran mentre es mantingui la prestaci\u00f3 del servei o durant els anys necessaris per complir amb les obligacions legals<\/p>\n<p>&nbsp;<\/p>\n<p><u>DESTINATARIS<\/u><\/p>\n<p>Mentre duri el tractament de les dades de l&#8217;interessa tSEVIMA SOLDADORS, S.L. (SEVICLIMB) no cedir\u00e0 les dades a tercers, llevat que hi hagi obligaci\u00f3 legal.<\/p>\n<p>&nbsp;<\/p>\n<p>En els sup\u00f2sits que, per a la realitzaci\u00f3 de tractaments de tipus administratiu, fiscal, comptable i \/ o comercial, es compti amb els serveis de tercers, es formalitzar\u00e0 degudament el preceptiu contracte d&#8217;encarregat de tractament, amb la finalitat de garantir la seguretat i confidencialitat de les dades de l&#8217;interessat davant de tercers.<\/p>\n<p>&nbsp;<\/p>\n<p><em><u>DRETS<\/u><\/em><\/p>\n<p>Les persones interessades tenen dret a accedir a les seves dades de car\u00e0cter personal, aix\u00ed com a sol\u00b7licitar-ne la rectificaci\u00f3 de les inexactes o, si escau, sol\u00b7licitar la supressi\u00f3 quan, entre d&#8217;altres motius, les dades ja no siguin necessaries per a la finalitat que van ser lliurades, aix\u00ed com retirar el consentiment atorgat. L&#8217;exercici d&#8217;oposici\u00f3 al tractament de les seves dades per a l&#8217;enviament d&#8217;informaci\u00f3 publicit\u00e0ria per via electr\u00f2nica. Tamb\u00e9 pot exercir el seu dret a la limitaci\u00f3 del tractament, de manera que les seves dades no seran suprimides per\u00f2 el tractament de les mateixes estar\u00e0 subjecte a limitacions.<\/p>\n<p>Els exercicis de portabilitat i automatitzaci\u00f3 de decisions no apliquen en aquest cas per la tipologia de dades i tractament de les mateixes.[\/vc_column_text][vc_empty_space height=\u00bb50px\u00bb][\/vc_column][\/vc_row]<\/p>\n","protected":false},"excerpt":{"rendered":"<p>[vc_row css_animation=\u00bb\u00bb row_type=\u00bbrow\u00bb use_row_as_full_screen_section=\u00bbno\u00bb type=\u00bbfull_width\u00bb angled_section=\u00bbno\u00bb text_align=\u00bbleft\u00bb background_image_as_pattern=\u00bbwithout_pattern\u00bb][vc_column][vc_column_text] Pol\u00edtica de&#8230;<\/p>\n","protected":false},"author":1,"featured_media":0,"parent":0,"menu_order":0,"comment_status":"closed","ping_status":"closed","template":"","meta":{"_acf_changed":false,"footnotes":""},"class_list":["post-3451","page","type-page","status-publish","hentry"],"acf":[],"yoast_head":"<!-- This site is optimized with the Yoast SEO plugin v27.1.1 - https:\/\/yoast.com\/product\/yoast-seo-wordpress\/ -->\n<title>Pol\u00edtica de privacidad - Seviclimb<\/title>\n<meta name=\"description\" content=\"P\u00e1gina de la pol\u00edtica de privacidad del sitio web de Seviclimb.\" \/>\n<meta name=\"robots\" content=\"index, follow, max-snippet:-1, max-image-preview:large, max-video-preview:-1\" \/>\n<link rel=\"canonical\" href=\"https:\/\/www.seviclimb.cat\/es\/politica-de-privadesa-rgpd\/\" \/>\n<meta property=\"og:locale\" content=\"es_ES\" \/>\n<meta property=\"og:type\" content=\"article\" \/>\n<meta property=\"og:title\" content=\"Pol\u00edtica de privacidad - Seviclimb\" \/>\n<meta property=\"og:description\" content=\"P\u00e1gina de la pol\u00edtica de privacidad del sitio web de Seviclimb.\" \/>\n<meta property=\"og:url\" content=\"https:\/\/www.seviclimb.cat\/es\/politica-de-privadesa-rgpd\/\" \/>\n<meta property=\"og:site_name\" content=\"Seviclimb\" \/>\n<meta property=\"article:publisher\" content=\"https:\/\/www.facebook.com\/Seviclimb\/\" \/>\n<meta property=\"article:modified_time\" content=\"2025-10-27T12:26:11+00:00\" \/>\n<meta property=\"og:image\" content=\"https:\/\/www.seviclimb.cat\/wp-content\/uploads\/2024\/08\/logoseviclimb-color.png.webp\" \/>\n\t<meta property=\"og:image:width\" content=\"1920\" \/>\n\t<meta property=\"og:image:height\" content=\"1280\" \/>\n\t<meta property=\"og:image:type\" content=\"image\/webp\" \/>\n<meta name=\"twitter:card\" content=\"summary_large_image\" \/>\n<meta name=\"twitter:label1\" content=\"Tiempo de lectura\" \/>\n\t<meta name=\"twitter:data1\" content=\"3 minutos\" \/>\n<script type=\"application\/ld+json\" class=\"yoast-schema-graph\">{\"@context\":\"https:\/\/schema.org\",\"@graph\":[{\"@type\":\"WebPage\",\"@id\":\"https:\/\/www.seviclimb.cat\/es\/politica-de-privadesa-rgpd\/\",\"url\":\"https:\/\/www.seviclimb.cat\/es\/politica-de-privadesa-rgpd\/\",\"name\":\"Pol\u00edtica de privacidad - Seviclimb\",\"isPartOf\":{\"@id\":\"https:\/\/www.seviclimb.cat\/es\/#website\"},\"datePublished\":\"2022-11-23T08:41:20+00:00\",\"dateModified\":\"2025-10-27T12:26:11+00:00\",\"description\":\"P\u00e1gina de la pol\u00edtica de privacidad del sitio web de Seviclimb.\",\"breadcrumb\":{\"@id\":\"https:\/\/www.seviclimb.cat\/es\/politica-de-privadesa-rgpd\/#breadcrumb\"},\"inLanguage\":\"es\",\"potentialAction\":[{\"@type\":\"ReadAction\",\"target\":[\"https:\/\/www.seviclimb.cat\/es\/politica-de-privadesa-rgpd\/\"]}]},{\"@type\":\"BreadcrumbList\",\"@id\":\"https:\/\/www.seviclimb.cat\/es\/politica-de-privadesa-rgpd\/#breadcrumb\",\"itemListElement\":[{\"@type\":\"ListItem\",\"position\":1,\"name\":\"Inici\",\"item\":\"https:\/\/www.seviclimb.cat\/es\/\"},{\"@type\":\"ListItem\",\"position\":2,\"name\":\"Pol\u00edtica de Privadesa (RGPD)\"}]},{\"@type\":\"WebSite\",\"@id\":\"https:\/\/www.seviclimb.cat\/es\/#website\",\"url\":\"https:\/\/www.seviclimb.cat\/es\/\",\"name\":\"Seviclimb\",\"description\":\"\",\"publisher\":{\"@id\":\"https:\/\/www.seviclimb.cat\/es\/#organization\"},\"potentialAction\":[{\"@type\":\"SearchAction\",\"target\":{\"@type\":\"EntryPoint\",\"urlTemplate\":\"https:\/\/www.seviclimb.cat\/es\/?s={search_term_string}\"},\"query-input\":{\"@type\":\"PropertyValueSpecification\",\"valueRequired\":true,\"valueName\":\"search_term_string\"}}],\"inLanguage\":\"es\"},{\"@type\":\"Organization\",\"@id\":\"https:\/\/www.seviclimb.cat\/es\/#organization\",\"name\":\"Seviclimb\",\"url\":\"https:\/\/www.seviclimb.cat\/es\/\",\"logo\":{\"@type\":\"ImageObject\",\"inLanguage\":\"es\",\"@id\":\"https:\/\/www.seviclimb.cat\/es\/#\/schema\/logo\/image\/\",\"url\":\"https:\/\/www.seviclimb.cat\/wp-content\/uploads\/2021\/08\/logoseviclimb-color.png\",\"contentUrl\":\"https:\/\/www.seviclimb.cat\/wp-content\/uploads\/2021\/08\/logoseviclimb-color.png\",\"width\":1920,\"height\":1280,\"caption\":\"Seviclimb\"},\"image\":{\"@id\":\"https:\/\/www.seviclimb.cat\/es\/#\/schema\/logo\/image\/\"},\"sameAs\":[\"https:\/\/www.facebook.com\/Seviclimb\/\",\"https:\/\/www.instagram.com\/sevi_climb\/\"]}]}<\/script>\n<!-- \/ Yoast SEO plugin. -->","yoast_head_json":{"title":"Pol\u00edtica de privacidad - Seviclimb","description":"P\u00e1gina de la pol\u00edtica de privacidad del sitio web de Seviclimb.","robots":{"index":"index","follow":"follow","max-snippet":"max-snippet:-1","max-image-preview":"max-image-preview:large","max-video-preview":"max-video-preview:-1"},"canonical":"https:\/\/www.seviclimb.cat\/es\/politica-de-privadesa-rgpd\/","og_locale":"es_ES","og_type":"article","og_title":"Pol\u00edtica de privacidad - Seviclimb","og_description":"P\u00e1gina de la pol\u00edtica de privacidad del sitio web de Seviclimb.","og_url":"https:\/\/www.seviclimb.cat\/es\/politica-de-privadesa-rgpd\/","og_site_name":"Seviclimb","article_publisher":"https:\/\/www.facebook.com\/Seviclimb\/","article_modified_time":"2025-10-27T12:26:11+00:00","og_image":[{"width":1920,"height":1280,"url":"https:\/\/www.seviclimb.cat\/wp-content\/uploads\/2024\/08\/logoseviclimb-color.png.webp","type":"image\/webp"}],"twitter_card":"summary_large_image","twitter_misc":{"Tiempo de lectura":"3 minutos"},"schema":{"@context":"https:\/\/schema.org","@graph":[{"@type":"WebPage","@id":"https:\/\/www.seviclimb.cat\/es\/politica-de-privadesa-rgpd\/","url":"https:\/\/www.seviclimb.cat\/es\/politica-de-privadesa-rgpd\/","name":"Pol\u00edtica de privacidad - Seviclimb","isPartOf":{"@id":"https:\/\/www.seviclimb.cat\/es\/#website"},"datePublished":"2022-11-23T08:41:20+00:00","dateModified":"2025-10-27T12:26:11+00:00","description":"P\u00e1gina de la pol\u00edtica de privacidad del sitio web de Seviclimb.","breadcrumb":{"@id":"https:\/\/www.seviclimb.cat\/es\/politica-de-privadesa-rgpd\/#breadcrumb"},"inLanguage":"es","potentialAction":[{"@type":"ReadAction","target":["https:\/\/www.seviclimb.cat\/es\/politica-de-privadesa-rgpd\/"]}]},{"@type":"BreadcrumbList","@id":"https:\/\/www.seviclimb.cat\/es\/politica-de-privadesa-rgpd\/#breadcrumb","itemListElement":[{"@type":"ListItem","position":1,"name":"Inici","item":"https:\/\/www.seviclimb.cat\/es\/"},{"@type":"ListItem","position":2,"name":"Pol\u00edtica de Privadesa (RGPD)"}]},{"@type":"WebSite","@id":"https:\/\/www.seviclimb.cat\/es\/#website","url":"https:\/\/www.seviclimb.cat\/es\/","name":"Seviclimb","description":"","publisher":{"@id":"https:\/\/www.seviclimb.cat\/es\/#organization"},"potentialAction":[{"@type":"SearchAction","target":{"@type":"EntryPoint","urlTemplate":"https:\/\/www.seviclimb.cat\/es\/?s={search_term_string}"},"query-input":{"@type":"PropertyValueSpecification","valueRequired":true,"valueName":"search_term_string"}}],"inLanguage":"es"},{"@type":"Organization","@id":"https:\/\/www.seviclimb.cat\/es\/#organization","name":"Seviclimb","url":"https:\/\/www.seviclimb.cat\/es\/","logo":{"@type":"ImageObject","inLanguage":"es","@id":"https:\/\/www.seviclimb.cat\/es\/#\/schema\/logo\/image\/","url":"https:\/\/www.seviclimb.cat\/wp-content\/uploads\/2021\/08\/logoseviclimb-color.png","contentUrl":"https:\/\/www.seviclimb.cat\/wp-content\/uploads\/2021\/08\/logoseviclimb-color.png","width":1920,"height":1280,"caption":"Seviclimb"},"image":{"@id":"https:\/\/www.seviclimb.cat\/es\/#\/schema\/logo\/image\/"},"sameAs":["https:\/\/www.facebook.com\/Seviclimb\/","https:\/\/www.instagram.com\/sevi_climb\/"]}]}},"_links":{"self":[{"href":"https:\/\/www.seviclimb.cat\/es\/wp-json\/wp\/v2\/pages\/3451","targetHints":{"allow":["GET"]}}],"collection":[{"href":"https:\/\/www.seviclimb.cat\/es\/wp-json\/wp\/v2\/pages"}],"about":[{"href":"https:\/\/www.seviclimb.cat\/es\/wp-json\/wp\/v2\/types\/page"}],"author":[{"embeddable":true,"href":"https:\/\/www.seviclimb.cat\/es\/wp-json\/wp\/v2\/users\/1"}],"replies":[{"embeddable":true,"href":"https:\/\/www.seviclimb.cat\/es\/wp-json\/wp\/v2\/comments?post=3451"}],"version-history":[{"count":2,"href":"https:\/\/www.seviclimb.cat\/es\/wp-json\/wp\/v2\/pages\/3451\/revisions"}],"predecessor-version":[{"id":4988,"href":"https:\/\/www.seviclimb.cat\/es\/wp-json\/wp\/v2\/pages\/3451\/revisions\/4988"}],"wp:attachment":[{"href":"https:\/\/www.seviclimb.cat\/es\/wp-json\/wp\/v2\/media?parent=3451"}],"curies":[{"name":"wp","href":"https:\/\/api.w.org\/{rel}","templated":true}]}}